{"id":1291,"date":"2024-09-16T16:02:47","date_gmt":"2024-09-16T14:02:47","guid":{"rendered":"https:\/\/env-0241328.jcloud.ik-server.com\/?page_id=1291"},"modified":"2025-03-17T11:43:18","modified_gmt":"2025-03-17T10:43:18","slug":"creation-daires-de-stationnement-pour-camping-cars-dans-la-region-touristique-bienne-seeland","status":"publish","type":"page","link":"https:\/\/stellplatz.ch\/index.php\/fr\/creation-daires-de-stationnement-pour-camping-cars-dans-la-region-touristique-bienne-seeland\/","title":{"rendered":"Cr\u00e9ation d&#8217;aires de stationnement pour camping-cars dans la r\u00e9gion touristique Bienne-Seeland"},"content":{"rendered":"\n<p>comme exemple en Suisse<\/p>\n\n\n\n<p><\/p>\n\n\n\n<p><strong>Obtenez le rapport final de 44 pages avec ou sans ouvrages de r\u00e9f\u00e9rence &#8211; avec plus de 30 fichiers.<\/strong><\/p>\n\n\n\n<p><strong>Malheureusement il est pr\u00e9sent\u00e9 en grande majorit\u00e9 qu\u2019en allemand<\/strong>. Deux Rapports ont \u00e9t\u00e9 traduits en fran\u00e7ais. Vous pouvez retrouver les th\u00e8ses dans \u00ab Mon aire camping-cars &#8211; informations \u00e0 ce sujet \u00bb. Une version d\u00e9couverte de 12 pages vous donne un aper\u00e7u des sujets abord\u00e9s &#8211; <a href=\"https:\/\/stellplatz.ch\/dokumente\/ig\/konzept_ohne_f.pdf\"><strong>Traductions en langue fran\u00e7aise voir \u00e0 la page 10<\/strong>.<\/a><\/p>\n\n\n\n<ul class=\"wp-block-list\">\n<li><strong><a href=\"https:\/\/stellplatz.ch\/index.php\/fr\/commandefinalavec\/\" data-type=\"page\" data-id=\"1286\">Rapport final avec les ouvrages de r\u00e9f\u00e9rence \u00e0 t\u00e9l\u00e9charger CHF 39.- | \u20ac 39.-<\/a><\/strong><\/li>\n\n\n\n<li><a href=\"https:\/\/stellplatz.ch\/index.php\/fr\/commandefinal\/\" data-type=\"page\" data-id=\"1288\">R<strong>apport final avec titres d\u2019ouvrages de r\u00e9f\u00e9rence \u00e0 lire CHF 25.- | \u20ac 25.-<\/strong><\/a><\/li>\n\n\n\n<li><a href=\"https:\/\/stellplatz.ch\/index.php\/fr\/commanderefer\/\" data-type=\"page\" data-id=\"1280\"><strong>T\u00e9l\u00e9chargement ult\u00e9rieur des ouvrages de r\u00e9f\u00e9rence CHF 20.- | \u20ac 20.-<\/strong><\/a><\/li>\n<\/ul>\n\n\n\n<p><a href=\"https:\/\/stellplatz.ch\/dokumente\/ig\/praesentation.pdf\">Pr\u00e9sentation du 13 novembre 2023<\/a> \u00e0 Br\u00fcgg pr\u00e8s de Bienne avec plus de 30 participants par le pr\u00e9sident de la IG-Pro Aires de stationnement pour camping-cars Ren\u00e9 Schlauri, Bienne.<\/p>\n\n\n\n<p><a href=\"https:\/\/stellplatz.ch\/dokumente\/ig\/biel.bienne.pdf\">Rapport \u00e0 ce sujet dans le journal suprar\u00e9gional \u00ab Biel Bienne \u00bb du 14.11.2023<\/a><\/p>\n\n\n\n<p>Nous vous souhaitons beaucoup de plaisir \u00e0 la lecture et \u00e0 la r\u00e9alisation d&#8217;aires de stationnement pour camping-cars.<\/p>\n\n\n\n<p><\/p>\n","protected":false},"excerpt":{"rendered":"<p>comme exemple en Suisse Obtenez le rapport final de 44 pages avec ou sans ouvrages de r\u00e9f\u00e9rence &#8211; avec plus de 30 fichiers. Malheureusement il est pr\u00e9sent\u00e9 en grande majorit\u00e9 qu\u2019en allemand. Deux Rapports ont \u00e9t\u00e9 traduits en fran\u00e7ais. Vous <span class=\"more-text\">&hellip;<\/span><\/p>\n","protected":false},"author":4,"featured_media":0,"parent":0,"menu_order":0,"comment_status":"closed","ping_status":"closed","template":"","meta":{"jetpack_post_was_ever_published":false,"footnotes":""},"class_list":["post-1291","page","type-page","status-publish","hentry"],"jetpack_sharing_enabled":true,"jetpack_shortlink":"https:\/\/wp.me\/PaCltQ-kP","_links":{"self":[{"href":"https:\/\/stellplatz.ch\/index.php\/wp-json\/wp\/v2\/pages\/1291","targetHints":{"allow":["GET"]}}],"collection":[{"href":"https:\/\/stellplatz.ch\/index.php\/wp-json\/wp\/v2\/pages"}],"about":[{"href":"https:\/\/stellplatz.ch\/index.php\/wp-json\/wp\/v2\/types\/page"}],"author":[{"embeddable":true,"href":"https:\/\/stellplatz.ch\/index.php\/wp-json\/wp\/v2\/users\/4"}],"replies":[{"embeddable":true,"href":"https:\/\/stellplatz.ch\/index.php\/wp-json\/wp\/v2\/comments?post=1291"}],"version-history":[{"count":5,"href":"https:\/\/stellplatz.ch\/index.php\/wp-json\/wp\/v2\/pages\/1291\/revisions"}],"predecessor-version":[{"id":1688,"href":"https:\/\/stellplatz.ch\/index.php\/wp-json\/wp\/v2\/pages\/1291\/revisions\/1688"}],"wp:attachment":[{"href":"https:\/\/stellplatz.ch\/index.php\/wp-json\/wp\/v2\/media?parent=1291"}],"curies":[{"name":"wp","href":"https:\/\/api.w.org\/{rel}","templated":true}]}}